{"id":852,"date":"2023-03-30T20:28:08","date_gmt":"2023-03-30T18:28:08","guid":{"rendered":"http:\/\/ecoleduqi-lereseau.org\/?page_id=852"},"modified":"2024-01-31T09:28:51","modified_gmt":"2024-01-31T08:28:51","slug":"groupe-de-reflexion-2023","status":"publish","type":"page","link":"https:\/\/ecoleduqi-lereseau.org\/index.php\/groupe-de-reflexion-2023\/","title":{"rendered":"Groupe de r\u00e9flexion 2023"},"content":{"rendered":"\n<p>Le th\u00e8me \u00abLes r\u00e9flexes archa\u00efques et le Qi Gong\u00bb a \u00e9t\u00e9 suscit\u00e9 un vif\u00a0 int\u00e9r\u00eat\u00a0 lors de la rencontre 2022. Pour y r\u00e9fl\u00e9chir, les personnes int\u00e9ress\u00e9es sont: Anne-Christine<strong>,<\/strong> Marie, Arlette, Domie, Florence, Fran\u00e7oise, Pascale, Isabelle,  Peggy, Guillaume.<br>Vous pouvez vous joindre \u00e0 ce groupe de r\u00e9flexion d\u00e9s le d\u00e9but de l&rsquo;ann\u00e9e 2023.<\/p>\n\n\n\n<p><\/p>\n\n\n\n<p>Lors de la derni\u00e8re rencontre r\u00e9seau en novembre 2022, nous avons cr\u00e9\u00e9 un groupe de r\u00e9flexion pour travailler sur un lien possible entre r\u00e9flexes archa\u00efques et Qi gong.<br>Depuis, nous avons constitu\u00e9 un groupe de 9 personnes et nous nous sommes r\u00e9unis deux fois par Zoom. Les discussions ont \u00e9t\u00e9 \u00e0 chaque fois franchement amicales et constructives.<\/p>\n\n\n\n<p>La premi\u00e8re r\u00e9union a eu lieu le 18 f\u00e9vrier. Nous avons r\u00e9fl\u00e9chi ensemble sur une fa\u00e7on de commencer cette r\u00e9flexion et avons d\u00e9cid\u00e9 d&rsquo;observer nos \u00e9l\u00e8ves en cours de Qi Gong de fa\u00e7on \u00e0 cerner leurs besoins en terme de difficult\u00e9s corporelles et d&rsquo;essayer de faire les liens avec les r\u00e9flexes archa\u00efques concern\u00e9s. Nous avons aussi d\u00e9cid\u00e9, en tous cas pour ceux qui ne connaissent pas trop, de travailler \u00e0 comprendre un peu plus ce que sont les r\u00e9flexes archa\u00efques.<\/p>\n\n\n\n<p>La deuxi\u00e8me r\u00e9union a eu lieu le 11 avril. Apr\u00e8s avoir fait un point sur la r\u00e9flexion men\u00e9e dans l&rsquo;intervalle et nous nous sommes rendus compte que vu la vastitude du sujet, il serait surement bon d&rsquo;\u00e9tablir un \u00ab\u00a0programme progressif\u00a0\u00bb pour organiser notre r\u00e9flexion, car pour le moment nous n&rsquo;arrivons pas \u00e0 avoir une vue d&rsquo;ensemble.<br>Pour la prochaine fois nous avons donc choisi de cibler notre r\u00e9flexion sur les r\u00e9flexes qui concernent la posture.<\/p>\n\n\n\n<p>&#8211; R\u00e9flexe Babinski<br>&#8211; Agrippement plantaire<br>&#8211; R\u00e9flexe tendineux protection (RTP)<br>&#8211; Allongement crois\u00e9<br>&#8211; Marche automatique<\/p>\n\n\n\n<p>Avec l&rsquo;id\u00e9e de :<\/p>\n\n\n\n<ol><li>Comprendre ce que sont ces r\u00e9flexes : Qu&rsquo;est ce qu&rsquo;ils concernent.<\/li><li>Comment on rep\u00e8re chez un pratiquant le fait qu&rsquo;ils ne soient pas int\u00e9gr\u00e9s, (identifier le ou les sympt\u00f4mes de la non int\u00e9gration).<\/li><li>Les exercices qu&rsquo;il existe en IMP pour travailler sur ces r\u00e9flexes.<\/li><li>Dans la pratique du Qi Gong : quels mouvements peuvent participer \u00e0 l&rsquo;int\u00e9gration de ces r\u00e9flexes ?<\/li><li>Comment on construit un (ou plusieurs) cours avec tout \u00e7a.<\/li><\/ol>\n\n\n\n<p><\/p>\n","protected":false},"excerpt":{"rendered":"<p>Le th\u00e8me \u00abLes r\u00e9flexes archa\u00efques et le Qi Gong\u00bb a \u00e9t\u00e9 suscit\u00e9 un vif\u00a0 int\u00e9r\u00eat\u00a0 lors de la rencontre 2022. Pour y r\u00e9fl\u00e9chir, les personnes int\u00e9ress\u00e9es sont: Anne-Christine, Marie, Arlette, Domie, Florence, Fran\u00e7oise, Pascale, Isabelle, Peggy, Guillaume.Vous pouvez vous joindre \u00e0 ce groupe de r\u00e9flexion d\u00e9s le d\u00e9but de l&rsquo;ann\u00e9e 2023. Lors de la derni\u00e8re &hellip; <a href=\"https:\/\/ecoleduqi-lereseau.org\/index.php\/groupe-de-reflexion-2023\/\" class=\"more-link\">Continuer la lecture<span class=\"screen-reader-text\"> de &laquo;&nbsp;Groupe de r\u00e9flexion 2023&nbsp;&raquo;<\/span><\/a><\/p>\n","protected":false},"author":5,"featured_media":0,"parent":0,"menu_order":0,"comment_status":"closed","ping_status":"closed","template":"","meta":[],"_links":{"self":[{"href":"https:\/\/ecoleduqi-lereseau.org\/index.php\/wp-json\/wp\/v2\/pages\/852"}],"collection":[{"href":"https:\/\/ecoleduqi-lereseau.org\/index.php\/wp-json\/wp\/v2\/pages"}],"about":[{"href":"https:\/\/ecoleduqi-lereseau.org\/index.php\/wp-json\/wp\/v2\/types\/page"}],"author":[{"embeddable":true,"href":"https:\/\/ecoleduqi-lereseau.org\/index.php\/wp-json\/wp\/v2\/users\/5"}],"replies":[{"embeddable":true,"href":"https:\/\/ecoleduqi-lereseau.org\/index.php\/wp-json\/wp\/v2\/comments?post=852"}],"version-history":[{"count":4,"href":"https:\/\/ecoleduqi-lereseau.org\/index.php\/wp-json\/wp\/v2\/pages\/852\/revisions"}],"predecessor-version":[{"id":907,"href":"https:\/\/ecoleduqi-lereseau.org\/index.php\/wp-json\/wp\/v2\/pages\/852\/revisions\/907"}],"wp:attachment":[{"href":"https:\/\/ecoleduqi-lereseau.org\/index.php\/wp-json\/wp\/v2\/media?parent=852"}],"curies":[{"name":"wp","href":"https:\/\/api.w.org\/{rel}","templated":true}]}}