{"id":753,"date":"2022-03-24T20:18:50","date_gmt":"2022-03-24T19:18:50","guid":{"rendered":"http:\/\/ecoleduqi-lereseau.org\/?page_id=753"},"modified":"2024-01-31T09:28:51","modified_gmt":"2024-01-31T08:28:51","slug":"theme-annuel","status":"publish","type":"page","link":"https:\/\/ecoleduqi-lereseau.org\/index.php\/theme-annuel\/","title":{"rendered":"Groupe de r\u00e9flexion 2022"},"content":{"rendered":"\n<p><strong>Les cueilleurs de perles&nbsp;<\/strong>:<br>B\u00e9atrice, Maryline, Arenda, Aur\u00e9lie, Nicole, Nathalie et Jonathan <br><br>Si vous voulez nous rejoindre <strong>le mardi 20 septembre \u00e0 20h<\/strong>, contacter Jonathan qui vous communiquera le lien Zoom: <a rel=\"noreferrer noopener\" href=\"https:\/\/webmail22.orange.fr\/webmail\/fr_FR\/read.html?FOLDER=UF_jonathan_loyal%40orange_fr&amp;IDMSG=26577&amp;check=&amp;SORTBY=1#\" target=\"_blank\">jonathan.loyal@orange.fr<\/a> ou aussi par le groupe Whatsapp du r\u00e9seau de l&rsquo;\u00e9cole du Qi.<\/p>\n\n\n\n<p> &#8212;&#8212;&#8212;&#8212;&#8212;&#8212;&#8212;&#8212;&#8212;&#8212;&#8212;&#8212;&#8212;&#8212;&#8212;&#8212;&#8212;&#8212;&#8212;&#8212;&#8211;    <\/p>\n\n\n\n<p><strong>7 -03- 2022<\/strong><\/p>\n\n\n\n<p>Nous sommes r\u00e9unis le 7 mars et nous avons \u00e9chang\u00e9 sur le fait que de proposer un th\u00e8me serait bien, afin de faire un travail pr\u00e9alable car nous nous \u00e9changeons souvent avec des r\u00e9flexions spontan\u00e9es ou du moment&nbsp;!<\/p>\n\n\n\n<p>Certains se sont propos\u00e9s de faire un retour sur la conf\u00e9rence de Robert Hawanini qui semble \u00e9voquer la notion d\u2019espace et d\u2019autres sur la conf\u00e9rence de Marc Sokol avec le th\u00e8me Qi Gong et \u00e9motions<\/p>\n\n\n\n<p>replay de la conf\u00e9rence en ligne avec Robert Hawawini<br><a href=\"https:\/\/www.helloasso.com\/...\/la-voie-du-retour-une...\">https:\/\/www.helloasso.com\/&#8230;\/la-voie-du-retour-une&#8230;<\/a><\/p>\n\n\n\n<p>Nous vous partageons nos r\u00e9flexions spontan\u00e9es sur le th\u00e8me de l\u2019espace et appropriation des espaces dans la pratique.<\/p>\n\n\n\n<p><a><span class=\"has-inline-color has-dark-gray-color\">Dans le Tai Ji Qi Gong<\/span><\/a><span class=\"has-inline-color has-dark-gray-color\"><br>-l\u2019espa<\/span>ce se cr\u00e9e autour et le pratiquant fait partie de l\u2019espace<br>&#8211; l\u2019espace est une conscience d\u2019ouverture de soi, l\u2019ouverture \u00e0 l\u2019Espace<br>&#8211; se connecter tr\u00e8s loin<br>-les diagonales et directions possible de connections sont tr\u00e8s pr\u00e9sentes<br>&#8211;&nbsp; facilit\u00e9 \u00e0 s\u2019ouvrir plus que de \u00ab&nbsp;se nourrir qui ram\u00e8ne&nbsp;\u00bb, espace plus dense, \u00ab&nbsp;plus petit&nbsp;\u00bb, est-ce vraiment un espace plus restreint&nbsp;?<\/p>\n\n\n\n<p>Dans les marches du dragon de feu (enseignement G. Edde) il y a une marche qui s\u2019appelle \u00ab&nbsp;le pas des 7 \u00e9toiles&nbsp;\u00bb, il y a un trajet (la petite ourse) qui permet de revenir \u00e0 la posture du d\u00e9part avec un pas gliss\u00e9, tr\u00e8s ludique \u00e0 pratiquer pour faire ressentir l\u2019espace en dessous du bassin, autour de soi et au-dessus avec la relation avec l\u2019\u00c9toile polaire et le Dan Tian sup\u00e9rieur.&nbsp; <\/p>\n\n\n\n<p>&#8212;&#8212;&#8212;&#8212;&#8212;&#8212;&#8212;&#8212;&#8212;&#8212;&#8212;&#8212;&#8212;&#8212;&#8212;&#8212;&#8212;&#8212;&#8212;&#8212;&#8211;   <\/p>\n\n\n\n<p> <strong>21-02-2022<\/strong>,<br>Nous nous sommes r\u00e9unis le lundi 21 f\u00e9vrier \u00e0 18h. <br><br>Les th\u00e8mes abord\u00e9s&nbsp;:<br>Un premier questionnement sur :<br><strong>la dynamique du Groupe<\/strong> et le peu de participants\/tes; nous retenons que nous appr\u00e9cions nos divergences de propositions et qu\u2018une dynamique est pr\u00e9sente m\u00eame avec un nombre petit de participants.<\/p>\n\n\n\n<p>Des questionnements concernant:<br><strong>la transmission de l \u2018enseignant(e)<\/strong> et l \u2018\u00e9volution de ses besoins ; se sentir apais\u00e9 \u00e0 transmettre et r\u00e9flexion int\u00e9rieure pour des choix de cours en pr\u00e9sentiel ou en ligne.<\/p>\n\n\n\n<p>Puis nous avons principalement \u00e9chang\u00e9 sur:<br><strong>l\u2019enseignement&nbsp;et l\u2019utilisation de la parole pendant les cours<\/strong>&nbsp;; l\u2019importance de bien doser la parole, le silence, les mots choisis pour transme<br>Une question est pos\u00e9e de savoir si le fait de parler en pratiquant peut blesser le Qi;<\/p>\n\n\n\n<p><strong>Pratiquer dans le plaisir<\/strong>, le ressenti et donner envie de pratiquer le Qi Gong;<\/p>\n\n\n\n<p>Avec des \u00e9l\u00e8ves plus avanc\u00e9s, rentrer dans <strong>la pratique sans parole<\/strong> et demander aux \u00e9l\u00e8ves de suivre et d\u2019observer plus l\u2019enseignant&nbsp;; ceci permet \u00e0 l\u2019\u00e9l\u00e8ve d\u2019\u00eatre plus attentif et observateur;<\/p>\n\n\n\n<p>Possibilit\u00e9 de demander aux \u00e9l\u00e8ves de nommer en un mot leur ressenti apr\u00e8s 1 mouvement ou 1 pratique, puis d\u2019\u00e9changer dans le groupe;<\/p>\n\n\n\n<p>C<strong>ultiver l\u2019imaginaire<\/strong>&nbsp;: attention les mots peuvent avoir un sens diff\u00e9rent pour chacun. L\u2019imaginaire en Qi Gong ne repr\u00e9sente pas le non r\u00e9el mais plut\u00f4t une invention, car l\u2019inventeur doit imaginer avant;<\/p>\n\n\n\n<p><strong>\u00c9change sur la symbolique du tigre d \u2018eau<\/strong> et ce que cela faisait \u00e9cho pour chacun.<\/p>\n\n\n\n<div class=\"wp-block-image is-style-rounded\"><figure class=\"aligncenter size-medium\"><img loading=\"lazy\" width=\"293\" height=\"300\" src=\"http:\/\/ecoleduqi-lereseau.org\/wp-content\/uploads\/2022\/02\/273927120_1353877785112722_8023716027282744457_n-293x300.jpg\" alt=\"1\u00e8re pleine lune de l'ann\u00e9e du Tigre d'Eau - Jonathan LOYAL\" class=\"wp-image-733\" srcset=\"https:\/\/ecoleduqi-lereseau.org\/wp-content\/uploads\/2022\/02\/273927120_1353877785112722_8023716027282744457_n-293x300.jpg 293w, https:\/\/ecoleduqi-lereseau.org\/wp-content\/uploads\/2022\/02\/273927120_1353877785112722_8023716027282744457_n-998x1024.jpg 998w, https:\/\/ecoleduqi-lereseau.org\/wp-content\/uploads\/2022\/02\/273927120_1353877785112722_8023716027282744457_n-768x788.jpg 768w, https:\/\/ecoleduqi-lereseau.org\/wp-content\/uploads\/2022\/02\/273927120_1353877785112722_8023716027282744457_n-1498x1536.jpg 1498w, https:\/\/ecoleduqi-lereseau.org\/wp-content\/uploads\/2022\/02\/273927120_1353877785112722_8023716027282744457_n-1200x1231.jpg 1200w, https:\/\/ecoleduqi-lereseau.org\/wp-content\/uploads\/2022\/02\/273927120_1353877785112722_8023716027282744457_n.jpg 1523w\" sizes=\"(max-width: 293px) 85vw, 293px\" \/><figcaption>1\u00e8re pleine lune de l&rsquo;ann\u00e9e du Tigre d&rsquo;Eau<br>photo du 16-02-2022<\/figcaption><\/figure><\/div>\n\n\n\n<p> <strong>31-01-2022<\/strong>,<br>Nous nous sommes r\u00e9unis le lundi 31 janvier \u00e0 18h.  <\/p>\n\n\n\n<p>Nous avons commenc\u00e9 \u00e0 partager sur:<br><strong>La notion d &lsquo;espace dans la pratique. <\/strong><br>Plusieurs notions ont \u00e9t\u00e9 \u00e9voqu\u00e9es : &nbsp; <br>&#8211; La notion d &lsquo;espace et de direction&nbsp; n&rsquo;est pas anodine , on va dans une direction possible et pr\u00e9cise : Dans le Tai Ji Qi Gong , ouverture a 45 degr\u00e8s&nbsp; &nbsp; <br>&#8211; Le placement de l &lsquo;axe ; la position entre Ciel et Terre <br>&#8211; Les directions&nbsp; <br>&#8211; Lien entre yin et yang ; reste \u00e0 le d\u00e9velopper ! <br>&#8211; Les diff\u00e9rentes qualit\u00e9s d &lsquo;\u00e9nergies dans les directions. &nbsp;<br>&#8211; S&rsquo;ouvrir \u00e0 la sensation de l &lsquo;espace autour de soi et des directions ; \u00eatre dans la sensation de l\u00e0 ou je vais. D\u00e9marche pas seulement intellectuelle. Aux \u00e9l\u00e8ves, ce qui peut \u00eatre dit \u00ab\u00a0soyez dans vos sensations\u00a0\u00bb. Ne pas bloquer en disant trop de mots. Chacun peut ressentir de diff\u00e9rentes fa\u00e7ons ( image, couleurs , sensations &#8230;) <br>&#8211; Ressentir les d\u00e9placements d&rsquo;\u00e9nergie et d&rsquo;espace dans les marches. <br>&#8211; L&rsquo;espace et les directions renvoient \u00e0 la circulation d&rsquo;\u00e9nergie ;&nbsp;<br>Lecture de \u00a0\u00bb Ge Mou d\u00e9roule les 8 fils d&rsquo;or \u00a0\u00bb dans le livre de Dominique \u00a0\u00bb Yang Sheng Ba Shi \u00ab\u00a0<br>&#8211; \u00c9vocation des marches du Dragon de feu de G\u00e9rard Edde qui se d\u00e9marrent toujours face \u00e0&nbsp; l &lsquo;Est pour \u00a0\u00bb montrer la Voie \u00a0\u00bb et seraient b\u00e9n\u00e9fique pour le fonctionnement de nos organes (a V\u00e9rifier et d\u00e9velopper ?)&nbsp; <br>&#8211; Ne Pas pratiquer face au Nord et ne pas placer les \u00e9l\u00e8ves face au Nord durant les cours . &nbsp;<\/p>\n\n\n\n<p> &#8212;&#8212;&#8212;&#8212;&#8212;&#8212;&#8212;&#8212;&#8212;&#8212;&#8212;&#8212;&#8212;&#8212;&#8212;&#8212;&#8212;&#8212;&#8212;&#8212;&#8211;  <\/p>\n\n\n\n<p><strong>17-01-2022<\/strong>,<br>Nous nous sommes r\u00e9unis le lundi 17 janvier 2022 \u00e0 18h. <\/p>\n\n\n\n<p>Nous avons \u00e9change sur :  <br><strong><em>Comment r\u00e9int\u00e9grer un \u00e9l\u00e8ve absent&nbsp;<\/em><\/strong><em>:<\/em><br>&#8211; varie selon le nombre d\u2019\u00e9l\u00e8ves dans le cours<br>&#8211; inviter l\u2019\u00e9l\u00e8ve a faire l\u2019exp\u00e9rience de se laisser porter (travail en miroir)<br>&#8211; laisser la personne travailler \u00e0 son rythme, observer, intervenir d\u00e9licatement en cas de besoin<br>&#8211; poser des questions \u00e0 la fin pour conna\u00eetre ses difficult\u00e9s<\/p>\n\n\n\n<p><strong><em>Comment aborder la m\u00e9ditation assise avec les \u00e9l\u00e8ves&nbsp;:<\/em><\/strong><br>&#8211; proposer une m\u00e9ditation guid\u00e9e type \u00ab&nbsp;nourrir les organes&nbsp;\u00bbou \u00ab&nbsp;sourire int\u00e9rieur&nbsp;\u00bb, exp\u00e9rimenter diff\u00e9rentes respirations, se familiariser avec WuJi, introduire la m\u00e9ditation pleine conscience.<br>&#8211; le balanc\u00e9 des bras et certains exercices permettent de rentrer dans une d\u00e9tente facilitant l\u2019approche de la m\u00e9ditation<br>&#8211; m\u00e9ditation propos\u00e9e plut\u00f4t en fin de cours, certains l\u2019a vive allong\u00e9s<br>&#8211; la m\u00e9ditation est pr\u00e9sent\u00e9e en d\u00e9but d\u2019ann\u00e9e comme indissociable de la pratique en mouvement et de la posture en expliquant qu\u2019apr\u00e8s avoir mis l\u2019\u00e9nergie \u00ab&nbsp;en route&nbsp;\u00bb et fait &nbsp;\u00ab&nbsp; circuler&nbsp;\u00bb elle venait apaiser et clarifier l\u2019esprit (jing, qi, shen) et donc plut\u00f4t pratiqu\u00e9 en fin de cours.<\/p>\n\n\n\n<p><strong><em>Comment introduire le travail postural&nbsp;:<\/em><\/strong><br>&#8211; Courte et facile en fonction de l\u2019heure du cours et de son contenu<br>&#8211; postures basses, bras en bas et pas longtemps en lien avec l\u2019enracinement<br>&#8211; San yuan she (cf vid\u00e9o sur YouTube), les postures aussi sont plus faciles a l\u2019ext\u00e9rieur, parler des diff\u00e9rentes parties lourdes et l\u00e9g\u00e8res (bas et haut), denses et chaudes.<\/p>\n\n\n\n<p><strong><em>Comment situez-vous Huanting&nbsp;:<\/em><\/strong><br>-cf le livre de Catherine Despeux<br>-situ\u00e9 sous l\u2019\u00e9pigastre<\/p>\n\n\n\n<p>&#8212;&#8212;&#8212;&#8212;&#8212;&#8212;&#8212;&#8212;&#8212;&#8212;&#8212;&#8212;&#8212;&#8212;&#8212;&#8212;&#8212;&#8212;&#8212;&#8212;&#8211; <\/p>\n\n\n\n<p><strong>27-12-2021<\/strong><br>Le groupe de r\u00e9flexion \u00ab\u00a0Les Cueilleurs de perles\u00a0\u00bb s&rsquo;agrandit avec Nicole et Nathalie. <br>Nous nous sommes r\u00e9unis le lundi 27 d\u00e9cembre \u00e0 18h.<br><br>Nous avons \u00e9change sur : <br><strong>La notion de l\u2019Espace int\u00e9rieur et ext\u00e9rieur, et de l\u2019univers&nbsp;:<\/strong><br>&#8211; Connexion \u00e0 l\u2019univers&nbsp;: comment le formuler&nbsp;? comment l\u2019amener et le faire percevoir aux \u00e9l\u00e8ves&nbsp;?<br>&#8211; Visualiser la Terre qui vous porte<br>&#8211; Ressentir, observer l\u2019Univers autour, qui vous entoure et vous traverse&nbsp;; garder ses qualit\u00e9s<br>&#8211; Myst\u00e8re du tr\u00e8s loin qui nous emm\u00e8ne au-del\u00e0 du quotidien<\/p>\n\n\n\n<p>Avec la Pratique de&nbsp;:<br>&#8211; Respiration cosmique<br>&#8211; Vastitude de la respiration<br>&#8211; WuJi pour structurer les diff\u00e9rents plans<br>&#8211; Fermeture dao\u00efste<\/p>\n\n\n\n<p><strong>Les \u00e9changes et partages avec les \u00e9l\u00e8ves sur leur ressenti dans la pratique&nbsp;:<\/strong><br>&#8211; En fin de cours parfois<br>&#8211; En fin de trimestre<br>&#8211; En fin d\u2019ann\u00e9e, pour faire le bilan sur ce qui leur a plu, sur leur appr\u00e9ciation des cours avec des adjectifs par exemple<br>&#8211; Leur demander de nommer leurs sensations et ressentis en 3 ou 4 mots ou adjectifs<\/p>\n\n\n\n<p><strong>Comment g\u00e9rer la douleur des \u00e9l\u00e8ves selon les mouvements et Qi Gong&nbsp;?<\/strong><br>&#8211; Modifier le geste pour diminuer la douleur, le faire pour tous les \u00e9l\u00e8ves<br>&#8211; Faire faire des micromouvements<br>&#8211; Visualisation du geste seulement<\/p>\n\n\n\n<p><strong>\u00c9changes sur la voie pour les amener \u00e0 une pratique en autonomie :<\/strong><br>&#8211; Gratifiant pour l \u2018\u00e9l\u00e8ve et l \u2018enseignant de recevoir \u201c je pratique seul \u201c<br>&#8211; Avec pratique de mouvements simples, pas trop long comme la respiration cosmique, la fermeture tao\u00efste ou un&nbsp; Ji\u00e9 gong (un rituel, une habitude de pratique)<\/p>\n\n\n\n<p>&#8212;&#8212;&#8212;&#8212;&#8212;&#8212;&#8212;&#8212;&#8212;&#8212;&#8212;&#8212;&#8212;&#8212;&#8212;&#8212;&#8212;&#8212;&#8212;&#8212;&#8211; <\/p>\n\n\n\n<p class=\"has-text-align-left\"><strong>14-12-2021<\/strong><br>Le groupe de r\u00e9flexion \u00ab\u00a0Les Cueilleurs de perles\u00a0\u00bb s&rsquo;agrandit avec Arenda et Aur\u00e9lie. <br>Nous nous sommes r\u00e9unis le lundi 13 d\u00e9cembre \u00e0 18h pour une heure d&rsquo;\u00e9change sur notre pratique et enseignement du Qi Gong. <br><br>Nous avons partag\u00e9 sur :<br>-comment enseigner quand des nouveaux \u00e9l\u00e8ves d\u00e9butants viennent compl\u00e9ter un groupe existant<br>-comment construire et faire nos cours r\u00e9guliers \u00e0 l&rsquo;ann\u00e9e<br>-la possibilit\u00e9 de faire une forme ou diff\u00e9rentes formes, de varier chaque cours<br>-de l&rsquo;importance des fondamentaux et principes du Qi Gong<br>-des traces \u00e9crites dans un cahier pour nos suivis de cours<br>-comment interagir avec les questions des \u00e9l\u00e8ves<br>-comment les aider \u00e0 pratiquer par eux m\u00eame<br>-la posture de l&rsquo;enseignant<br>et sur touts nos questionnements avec une simplicit\u00e9 et joie d&rsquo;\u00eatre r\u00e9unis (via Zoom).<br><br>Des \u00e9changes spontan\u00e9s d&rsquo;exp\u00e9riences vari\u00e9s. Un moment riche de partages.<br>A l&rsquo;image d&rsquo;une rencontre d&rsquo;amis autour d&rsquo;une table pour le partage d&rsquo;une tasse de th\u00e9.<br><br><strong>Vous pouvez vous joindre \u00e0 nous le lundi 27 d\u00e9cembre \u00e0 18h.<\/strong><br>Au plaisir de se retrouver avant la fin de l&rsquo;ann\u00e9e.<\/p>\n\n\n\n<p>&#8212;&#8212;&#8212;&#8212;&#8212;&#8212;&#8212;&#8212;&#8212;&#8212;&#8212;&#8212;&#8212;&#8212;&#8212;&#8212;&#8212;&#8212;&#8212;&#8212;&#8211;<br><strong>8-12-2021<\/strong><br><strong>Les cueilleurs de perles&nbsp;<\/strong>:<\/p>\n\n\n\n<p>Le groupe de r\u00e9flexion commence avec B\u00e9atrice, Maryline et Jonathan et l\u2019id\u00e9e au d\u00e9part \u00e9tait de se retrouver pour \u00e9changer sur le prochain th\u00e8me du weekend r\u00e9seau : \u00ab l\u2019appropriation de l\u2019espace \u00bb<\/p>\n\n\n\n<p>Le nom de \u00ab cueilleurs de perles \u00bb a \u00e9t\u00e9 donn\u00e9 pour d\u00e9signer le fait que nous envisagions dans ce groupe d\u2019\u00e9changer les plus belles informations li\u00e9es \u00e0 notre pratique d\u2019enseignant et de simple pratiquant.<\/p>\n\n\n\n<p>Lors de notre derni\u00e8re rencontre du 8 d\u00e9cembre nous avons d\u00e9cid\u00e9 d\u2019ouvrir ce groupe de r\u00e9flexion au-del\u00e0 du th\u00e8me r\u00e9seau du weekend et d\u2019\u00e9changer aussi sur l\u2019ensemble de notre pratique de fa\u00e7on dynamique et perp\u00e9tuelle dans la mesure de vos possibilit\u00e9s.<\/p>\n\n\n\n<p>\u00ab Les cueilleurs de perles \u00bb proposent de se r\u00e9unir dans un premier temps certains lundi \u00e0 18h pour un temps de partage (informations, questions, \u00e9changes divers&#8230;).<\/p>\n\n\n\n<p><strong>&nbsp;Un premier rendez-vous est fix\u00e9 au lundi 13 d\u00e9cembre a 18h via Zoom.&nbsp;<\/strong><\/p>\n\n\n\n<p>Si vous voulez nous rejoindre, contacter Jonathan ( <a rel=\"noreferrer noopener\" href=\"https:\/\/webmail22.orange.fr\/webmail\/fr_FR\/read.html?FOLDER=UF_jonathan_loyal%40orange_fr&amp;IDMSG=26577&amp;check=&amp;SORTBY=1#\" target=\"_blank\">jonathan.loyal@orange.fr<\/a> ou aussi par le Whatsapp du r\u00e9seau de l &lsquo;\u00e9cole du Qi ) qui vous communiquera le lien Zoom. <\/p>\n\n\n\n<p class=\"has-text-align-center\">Dans la joie de vous retrouver nombreux !<\/p>\n\n\n\n<figure class=\"wp-block-gallery columns-1 is-cropped\"><ul class=\"blocks-gallery-grid\"><li class=\"blocks-gallery-item\"><figure><img loading=\"lazy\" width=\"1024\" height=\"663\" src=\"http:\/\/ecoleduqi-lereseau.org\/wp-content\/uploads\/2021\/12\/265361391_1308541016313066_4160938031401489212_n-1024x663.jpg\" alt=\"\" data-id=\"715\" data-full-url=\"http:\/\/ecoleduqi-lereseau.org\/wp-content\/uploads\/2021\/12\/265361391_1308541016313066_4160938031401489212_n.jpg\" data-link=\"http:\/\/ecoleduqi-lereseau.org\/index.php\/groupe-de-reflexion\/265361391_1308541016313066_4160938031401489212_n\/\" class=\"wp-image-715\" srcset=\"https:\/\/ecoleduqi-lereseau.org\/wp-content\/uploads\/2021\/12\/265361391_1308541016313066_4160938031401489212_n-1024x663.jpg 1024w, https:\/\/ecoleduqi-lereseau.org\/wp-content\/uploads\/2021\/12\/265361391_1308541016313066_4160938031401489212_n-300x194.jpg 300w, https:\/\/ecoleduqi-lereseau.org\/wp-content\/uploads\/2021\/12\/265361391_1308541016313066_4160938031401489212_n-768x497.jpg 768w, https:\/\/ecoleduqi-lereseau.org\/wp-content\/uploads\/2021\/12\/265361391_1308541016313066_4160938031401489212_n-1536x994.jpg 1536w, https:\/\/ecoleduqi-lereseau.org\/wp-content\/uploads\/2021\/12\/265361391_1308541016313066_4160938031401489212_n-1200x776.jpg 1200w, https:\/\/ecoleduqi-lereseau.org\/wp-content\/uploads\/2021\/12\/265361391_1308541016313066_4160938031401489212_n.jpg 2048w\" sizes=\"(max-width: 709px) 85vw, (max-width: 909px) 67vw, (max-width: 1362px) 62vw, 840px\" \/><\/figure><\/li><\/ul><\/figure>\n\n\n\n<p><strong>Pour la rencontre du 25, 26 et 27 novembre 2022&nbsp;les cueilleurs de perles \u00e9changent sur le th\u00e8me&nbsp;<\/strong>:  \u2018Appropriation des espaces dans la pratique\u2019 <br><br>&nbsp;&nbsp;&nbsp;&nbsp;&nbsp;&nbsp;&nbsp;&nbsp;&nbsp; L\u2019id\u00e9e est que ceux qui le souhaitent s\u2019approprient le th\u00e8me :<br> \u2018Appropriation des espaces dans la pratique\u2019 en&nbsp;:<br>&#8211; \u00e9changeant dessus<br>&#8211; partageant les r\u00e9sultats avec l\u2019ensemble du r\u00e9seau<br><br>Cela peut se faire en individuel ou \u00e0 plusieurs, par une suggestion de texte, de livre, de vid\u00e9o, existant ou cr\u00e9\u00e9 par vous\/nous au fil de l\u2019ann\u00e9e.<br>Vos retours\/suggestions seront publi\u00e9s sur la page \u00ab Groupe de r\u00e9flexion \u00bb du site&nbsp;: <a rel=\"noreferrer noopener\" href=\"http:\/\/ecoleduqi-lereseau.org\/\" target=\"_blank\">http:\/\/ecoleduqi-lereseau.org\/<\/a><br>Nous vous ferons un petit mot via Whatsapp et\/ou mail pour vous pr\u00e9venir de ces publications. Les donn\u00e9es accumul\u00e9es tout au long de l&rsquo;ann\u00e9e seront ensuite redistribu\u00e9es \u00e0 l&rsquo;ensemble des adh\u00e9rents fin juin et seront accessible sur le site pour servir de support \u00e0 la rencontre de Novembre.<br><br><strong>Si vous avez envie de participer \u00e0 cette dynamique ou pour nous envoyer vos r\u00e9flexions, contacter nous \u00e0 ces adresses&nbsp;:<\/strong><br>Marie&nbsp;: marie.leseigneur@gmail.com<br>B\u00e9atrice&nbsp;: generationqigong@outlook.fr<\/p>\n","protected":false},"excerpt":{"rendered":"<p>Les cueilleurs de perles&nbsp;:B\u00e9atrice, Maryline, Arenda, Aur\u00e9lie, Nicole, Nathalie et Jonathan Si vous voulez nous rejoindre le mardi 20 septembre \u00e0 20h, contacter Jonathan qui vous communiquera le lien Zoom: jonathan.loyal@orange.fr ou aussi par le groupe Whatsapp du r\u00e9seau de l&rsquo;\u00e9cole du Qi. &#8212;&#8212;&#8212;&#8212;&#8212;&#8212;&#8212;&#8212;&#8212;&#8212;&#8212;&#8212;&#8212;&#8212;&#8212;&#8212;&#8212;&#8212;&#8212;&#8212;&#8211; 7 -03- 2022 Nous sommes r\u00e9unis le 7 mars et nous &hellip; <a href=\"https:\/\/ecoleduqi-lereseau.org\/index.php\/theme-annuel\/\" class=\"more-link\">Continuer la lecture<span class=\"screen-reader-text\"> de &laquo;&nbsp;Groupe de r\u00e9flexion 2022&nbsp;&raquo;<\/span><\/a><\/p>\n","protected":false},"author":5,"featured_media":0,"parent":0,"menu_order":0,"comment_status":"closed","ping_status":"closed","template":"","meta":[],"_links":{"self":[{"href":"https:\/\/ecoleduqi-lereseau.org\/index.php\/wp-json\/wp\/v2\/pages\/753"}],"collection":[{"href":"https:\/\/ecoleduqi-lereseau.org\/index.php\/wp-json\/wp\/v2\/pages"}],"about":[{"href":"https:\/\/ecoleduqi-lereseau.org\/index.php\/wp-json\/wp\/v2\/types\/page"}],"author":[{"embeddable":true,"href":"https:\/\/ecoleduqi-lereseau.org\/index.php\/wp-json\/wp\/v2\/users\/5"}],"replies":[{"embeddable":true,"href":"https:\/\/ecoleduqi-lereseau.org\/index.php\/wp-json\/wp\/v2\/comments?post=753"}],"version-history":[{"count":3,"href":"https:\/\/ecoleduqi-lereseau.org\/index.php\/wp-json\/wp\/v2\/pages\/753\/revisions"}],"predecessor-version":[{"id":849,"href":"https:\/\/ecoleduqi-lereseau.org\/index.php\/wp-json\/wp\/v2\/pages\/753\/revisions\/849"}],"wp:attachment":[{"href":"https:\/\/ecoleduqi-lereseau.org\/index.php\/wp-json\/wp\/v2\/media?parent=753"}],"curies":[{"name":"wp","href":"https:\/\/api.w.org\/{rel}","templated":true}]}}