{"id":371,"date":"2019-11-14T18:11:48","date_gmt":"2019-11-14T17:11:48","guid":{"rendered":"http:\/\/ecoleduqi-lereseau.org\/?page_id=371"},"modified":"2024-12-19T17:42:37","modified_gmt":"2024-12-19T16:42:37","slug":"en-auvergne-rhone-alpes","status":"publish","type":"page","link":"https:\/\/ecoleduqi-lereseau.org\/index.php\/en-auvergne-rhone-alpes\/","title":{"rendered":"En Auvergne-Rh\u00f4ne-Alpes"},"content":{"rendered":"\n<p class=\"has-medium-font-size\"><\/p>\n\n\n\n<figure class=\"wp-block-image size-medium is-resized is-style-rounded\"><img loading=\"lazy\" src=\"http:\/\/ecoleduqi-lereseau.org\/wp-content\/uploads\/2020\/11\/IMG_1934-300x300.jpg\" alt=\"\" class=\"wp-image-600\" width=\"300\" height=\"300\" srcset=\"https:\/\/ecoleduqi-lereseau.org\/wp-content\/uploads\/2020\/11\/IMG_1934-300x300.jpg 300w, https:\/\/ecoleduqi-lereseau.org\/wp-content\/uploads\/2020\/11\/IMG_1934-1024x1024.jpg 1024w, https:\/\/ecoleduqi-lereseau.org\/wp-content\/uploads\/2020\/11\/IMG_1934-150x150.jpg 150w, https:\/\/ecoleduqi-lereseau.org\/wp-content\/uploads\/2020\/11\/IMG_1934-768x768.jpg 768w, https:\/\/ecoleduqi-lereseau.org\/wp-content\/uploads\/2020\/11\/IMG_1934-1536x1536.jpg 1536w, https:\/\/ecoleduqi-lereseau.org\/wp-content\/uploads\/2020\/11\/IMG_1934-2048x2048.jpg 2048w, https:\/\/ecoleduqi-lereseau.org\/wp-content\/uploads\/2020\/11\/IMG_1934-1200x1200.jpg 1200w\" sizes=\"(max-width: 300px) 85vw, 300px\" \/><\/figure>\n\n\n\n<p><br><\/p>\n\n\n\n<p><strong><u>PROJET AUTOG\u00c9R\u00c9 TAO\u00cfSTE<\/u> <\/strong><br><strong>Adrien Marchi\u00a0<\/strong>a eu une id\u00e9e durant ce week-end de r\u00e9seau qui fut tr\u00e8s prolifique. Il ressent une envie profonde de faire plus de rencontres et d\u2019explorer l\u2019auto-gestion. L\u2019id\u00e9e est d\u2019organiser un rassemblement autog\u00e9r\u00e9 de pratiques tao\u00efstes, bas\u00e9 sur les principes suivants :  <br>\u2022 Un cadre de d\u00e9part d\u00e9fini par les organisateurs : \u00ab la source \u00bb <br>\u2022 Une co-cr\u00e9ation de l\u2019agenda en d\u00e9but de rassemblement : \u00ab le c\u0153ur battant \u00bb <br>\u2022 Une dynamique o\u00f9 chacun peut contribuer \u00e0 sa mani\u00e8re dans un esprit collectif : les papillons. <br>Les consid\u00e9rations de d\u00e9part \u00e0 discuter : <br>\u2022 Participants : Un groupe d\u2019une vingtaine de participants exp\u00e9riment\u00e9s en Qi Gong et\/ou Ta\u00efchi, (ce rassemblement ne s\u2019adresse pas aux d\u00e9butants). <br>\u2022Lieu : Le lieu reste \u00e0 d\u00e9finir. Une suggestion initiale pourrait \u00eatre les Jardins du Tao (\u00e0 explorer avec Thibault). <br>\u2022Repas : Je sais d\u2019exp\u00e9rience que l\u2019organisation des repas en autog\u00e9r\u00e9 peut \u00eatre une source de stress.<br> Cela reste \u00e0 d\u00e9terminer : comment rendre cette organisation fluide et agr\u00e9able pour tous. <br>\u2022Date :La date sera d\u00e9finie par l\u2019\u00e9quipe des \u00ab c\u0153urs battants \u00bb lors des premi\u00e8res discussions. Ce rassemblement est pens\u00e9 comme une exp\u00e9rience d\u2019\u00e9change libre et cr\u00e9atif, sans contraintes de formation ou d\u2019apprentissage structur\u00e9, et dans une formule \u00e0 bas co\u00fbt. Cette autog\u00e9r\u00e9e serait propos\u00e9e \u00e0 notre r\u00e9seau, au-del\u00e0 de l\u2019\u00c9cole du Qi, afin de construire des passerelles et des liens vers d\u2019autres influences et r\u00e9seaux. <br>Clarification des r\u00f4les dans un autog\u00e9r\u00e9 : <br>\u2022La Source :\u00eatre source c\u2019est simplement g\u00e9n\u00e9rer et partager une id\u00e9e. Une source n\u2019est pas obligatoirement celle qui r\u00e9alise l\u2019id\u00e9e ; l\u2019id\u00e9e peut \u00eatre r\u00e9alis\u00e9e par d\u2019autres (des c\u0153urs battants). <br>\u2022C\u0153ur Battant :Un r\u00f4le d\u2019organisation et de r\u00e9alisation d\u2019une id\u00e9e. Le c\u0153ur battant donne du temps et de l\u2019\u00e9nergie pour poser les bases organisationnelles et mat\u00e9rielles n\u00e9cessaires au projet.<br>\u2022Papillon :Une personne qui participe activement au rassemblement, en s\u2019impliquant dans les \u00e9changes et les activit\u00e9s, mais sans participer \u00e0 l\u2019organisation en amont ou en aval de l\u2019\u00e9v\u00e9nement. Par exemple : moi, Adrien, je suis la source de cette id\u00e9e, et je souhaite \u00e9galement devenir un c\u0153ur battant. Je suis \u00e0 la recherche d\u2019autres c\u0153urs battants pour cocr\u00e9er ce projet. Ensemble, nous pr\u00e9parerons un cadre accueillant o\u00f9 des papillons pourront nous rejoindre pour partager des pratiques et des \u00e9changes enrichissants. Si ce projet r\u00e9sonne ou \u00e9veille un \u00e9lan en vous et que vous souhaitez \u00e9ventuellement participer en devenant c\u0153ur battant, je vous invite \u00e0 rejoindre le canal. Une r\u00e9union en visio-conf\u00e9rence y sera annonc\u00e9e prochainement pour \u00e9changer en Live. Suivez ce lien WhatsApp:\u00a0<a href=\"https:\/\/chat.whatsapp.com\/Es4yHkdWm8vJumFemB52ne\">https:\/\/chat.whatsapp.com\/Es4yHkdWm8vJumFemB52ne<\/a><\/p>\n\n\n\n<p><br><br><\/p>\n\n\n\n<div class=\"wp-block-group\"><div class=\"wp-block-group__inner-container\">\n<figure class=\"wp-block-image size-large\"><img loading=\"lazy\" width=\"1024\" height=\"663\" src=\"http:\/\/ecoleduqi-lereseau.org\/wp-content\/uploads\/2021\/12\/265361391_1308541016313066_4160938031401489212_n-1024x663.jpg\" alt=\"\" class=\"wp-image-715\" srcset=\"https:\/\/ecoleduqi-lereseau.org\/wp-content\/uploads\/2021\/12\/265361391_1308541016313066_4160938031401489212_n-1024x663.jpg 1024w, https:\/\/ecoleduqi-lereseau.org\/wp-content\/uploads\/2021\/12\/265361391_1308541016313066_4160938031401489212_n-300x194.jpg 300w, https:\/\/ecoleduqi-lereseau.org\/wp-content\/uploads\/2021\/12\/265361391_1308541016313066_4160938031401489212_n-768x497.jpg 768w, https:\/\/ecoleduqi-lereseau.org\/wp-content\/uploads\/2021\/12\/265361391_1308541016313066_4160938031401489212_n-1536x994.jpg 1536w, https:\/\/ecoleduqi-lereseau.org\/wp-content\/uploads\/2021\/12\/265361391_1308541016313066_4160938031401489212_n-1200x776.jpg 1200w, https:\/\/ecoleduqi-lereseau.org\/wp-content\/uploads\/2021\/12\/265361391_1308541016313066_4160938031401489212_n.jpg 2048w\" sizes=\"(max-width: 709px) 85vw, (max-width: 909px) 67vw, (max-width: 1362px) 62vw, 840px\" \/><\/figure>\n<\/div><\/div>\n\n\n\n<h6><em>En Haute Savoie<\/em><\/h6>\n\n\n\n<p>Nous vous informerons d\u00e8s que possible de la nouvelle date pour partager une pratique du Tai Ji Qi Gong&nbsp;<\/p>\n\n\n\n<p>Si vous \u00eates int\u00e9ress\u00e9, contacter:<br>Nicole Peronnet : 06 73 79 98 15 \/<a href=\"https:\/\/webmail1f.orange.fr\/webmail\/fr_FR\/read.html?FOLDER=UF_jonathan_loyal%40orange_fr&amp;IDMSG=22422&amp;check=&amp;SORTBY=1#\">nperonnet@orange.fr<\/a><br><\/p>\n","protected":false},"excerpt":{"rendered":"<p>PROJET AUTOG\u00c9R\u00c9 TAO\u00cfSTE Adrien Marchi\u00a0a eu une id\u00e9e durant ce week-end de r\u00e9seau qui fut tr\u00e8s prolifique. Il ressent une envie profonde de faire plus de rencontres et d\u2019explorer l\u2019auto-gestion. L\u2019id\u00e9e est d\u2019organiser un rassemblement autog\u00e9r\u00e9 de pratiques tao\u00efstes, bas\u00e9 sur les principes suivants : \u2022 Un cadre de d\u00e9part d\u00e9fini par les organisateurs : &hellip; <a href=\"https:\/\/ecoleduqi-lereseau.org\/index.php\/en-auvergne-rhone-alpes\/\" class=\"more-link\">Continuer la lecture<span class=\"screen-reader-text\"> de &laquo;&nbsp;En Auvergne-Rh\u00f4ne-Alpes&nbsp;&raquo;<\/span><\/a><\/p>\n","protected":false},"author":2,"featured_media":0,"parent":0,"menu_order":0,"comment_status":"closed","ping_status":"closed","template":"","meta":[],"_links":{"self":[{"href":"https:\/\/ecoleduqi-lereseau.org\/index.php\/wp-json\/wp\/v2\/pages\/371"}],"collection":[{"href":"https:\/\/ecoleduqi-lereseau.org\/index.php\/wp-json\/wp\/v2\/pages"}],"about":[{"href":"https:\/\/ecoleduqi-lereseau.org\/index.php\/wp-json\/wp\/v2\/types\/page"}],"author":[{"embeddable":true,"href":"https:\/\/ecoleduqi-lereseau.org\/index.php\/wp-json\/wp\/v2\/users\/2"}],"replies":[{"embeddable":true,"href":"https:\/\/ecoleduqi-lereseau.org\/index.php\/wp-json\/wp\/v2\/comments?post=371"}],"version-history":[{"count":77,"href":"https:\/\/ecoleduqi-lereseau.org\/index.php\/wp-json\/wp\/v2\/pages\/371\/revisions"}],"predecessor-version":[{"id":1030,"href":"https:\/\/ecoleduqi-lereseau.org\/index.php\/wp-json\/wp\/v2\/pages\/371\/revisions\/1030"}],"wp:attachment":[{"href":"https:\/\/ecoleduqi-lereseau.org\/index.php\/wp-json\/wp\/v2\/media?parent=371"}],"curies":[{"name":"wp","href":"https:\/\/api.w.org\/{rel}","templated":true}]}}